{"id":156,"date":"2012-07-03T15:26:07","date_gmt":"2012-07-03T15:26:07","guid":{"rendered":"http:\/\/tejo-rupestre.com\/?page_id=156"},"modified":"2012-10-10T13:33:00","modified_gmt":"2012-10-10T13:33:00","slug":"exposicao-arqueologia-de-rodao","status":"publish","type":"page","link":"http:\/\/tejo-rupestre.com\/?page_id=156","title":{"rendered":"Exposi\u00e7\u00e3o Arqueologia de R\u00f3d\u00e3o"},"content":{"rendered":"<h2 style=\"text-align: center;\"><strong>ARQUEOLOGIA DE R\u00d3D\u00c3O<\/strong><\/h2>\n<h2 align=\"center\"><strong><em>[EXPOSI\u00c7\u00c3O PERMANENTE]<\/em><\/strong><\/h2>\n<p style=\"text-align: justify;\">O Tejo, os terra\u00e7os fluviais que o marginam, as charnecas detr\u00edticas, tudo isto assente sobre um soco antigo em xistos e grauvaques, cortados por imponente crista quartz\u00edtica que forma as chamadas \u201cPortas de R\u00f3d\u00e3o\u201d \u2013 eis aqui a singularidade que fez da regi\u00e3o de R\u00f3d\u00e3o um territ\u00f3rio de elei\u00e7\u00e3o, habitado desde a mais remota Pr\u00e9-hist\u00f3ria.<\/p>\n<p style=\"text-align: justify;\">\u00c9, pois, uma hist\u00f3ria antiga, tel\u00farica e consistente, que temos para oferecer. Uma hist\u00f3ria feita de cruzianas e troncos f\u00f3sseis, bifaces e raspadores, machados polidos e vasos de cer\u00e2mica, gravuras rupestres e ep\u00edgrafes, m\u00f3s e telhas, balas de canh\u00e3o e gravuras reminiscentes das Invas\u00f5es Francesas\u2026.<\/p>\n<p style=\"text-align: justify;\">Possa a evoca\u00e7\u00e3o da mem\u00f3ria da terra rodanense, que nesta sala fazemos, servir de ponto de partida para um mais profundo conhecimento das nossas paisagens e das nossas gentes \u2013 que a\u00ed est\u00e3o \u00e0 vossa espera.<\/p>\n<p style=\"text-align: justify;\">De R\u00f3d\u00e3o guardamos a mem\u00f3ria do di\u00e1logo com um passado que s\u00f3 encontra equivalente na majestade da paisagem que o encerra. Das casas do Salgueiral, \u00e0s cristas que constituem a Serra; dos terra\u00e7os e conheiras que o Tejo prodigamente distribuiu, ao rendilhado de oliveiras que m\u00e3o humana pacientemente semeou; do sentir vivo de homens e animais, \u00e0 conserva\u00e7\u00e3o surda da sua imagem nos milhares de motivos art\u00edsticos que flanqueiam as margens do \u201cgrande rio\u201d\u2026 tudo em R\u00f3d\u00e3o nos faz esquecer as fronteiras entre passado e presente, Homem e Natureza, pr\u00f3ximo e distante.<\/p>\n<p align=\"right\">Lu\u00eds Raposo (arque\u00f3logo)<\/p>\n\n\t\t<div class='et-image-slider et_sliderfx_fade et_sliderauto_true et_sliderauto_speed_5000 et_slidertype_images'>\n\t\t\t<div class='et-image-slides'>\n\t\t\t\t<div class='et-tabs-content-wrapper'>\n\t\t\t\t\t\u00a0\n\t\t<div class='et_slidecontent et-image-slide'><img loading=\"lazy\" decoding=\"async\" src=\"http:\/\/tejo-rupestre.com\/wp-content\/uploads\/et_temp\/sala_arqueo-147461_800x510.jpg\" alt=\"\" width=\"800\" height=\"510\" \/><span class='et-image-overlay'> <\/span><\/div>\n\t\t<div class='et_slidecontent et-image-slide'><img loading=\"lazy\" decoding=\"async\" src=\"http:\/\/tejo-rupestre.com\/wp-content\/uploads\/et_temp\/sala_arqueologia_1-84621_800x510.jpg\" alt=\"\" width=\"800\" height=\"510\" \/><span class='et-image-overlay'> <\/span><\/div>\u00a0\n\t\t<div class='et_slidecontent et-image-slide'><img loading=\"lazy\" decoding=\"async\" src=\"http:\/\/tejo-rupestre.com\/wp-content\/uploads\/et_temp\/sala_arqueologia_2-99570_800x510.jpg\" alt=\"\" width=\"800\" height=\"510\" \/><span class='et-image-overlay'> <\/span><\/div>\n\t\t<div class='et_slidecontent et-image-slide'><img loading=\"lazy\" decoding=\"async\" src=\"http:\/\/tejo-rupestre.com\/wp-content\/uploads\/et_temp\/sala_arqueologia_3-98296_800x510.jpg\" alt=\"\" width=\"800\" height=\"510\" \/><span class='et-image-overlay'> <\/span><\/div>\n\t\t<div class='et_slidecontent et-image-slide'><img loading=\"lazy\" decoding=\"async\" src=\"http:\/\/tejo-rupestre.com\/wp-content\/uploads\/et_temp\/sala_arqueologia_4-95142_800x510.jpg\" alt=\"\" width=\"800\" height=\"510\" \/><span class='et-image-overlay'> <\/span><\/div>\n\t\t<div class='et_slidecontent et-image-slide'><img loading=\"lazy\" decoding=\"async\" src=\"http:\/\/tejo-rupestre.com\/wp-content\/uploads\/et_temp\/sala_arqueologia_5-70078_800x510.jpg\" alt=\"\" width=\"800\" height=\"510\" \/><span class='et-image-overlay'> <\/span><\/div>\n\t\t<div class='et_slidecontent et-image-slide'><img loading=\"lazy\" decoding=\"async\" src=\"http:\/\/tejo-rupestre.com\/wp-content\/uploads\/et_temp\/sala_arqueologia_6-87945_800x510.jpg\" alt=\"\" width=\"800\" height=\"510\" \/><span class='et-image-overlay'> <\/span><\/div>\n\t\t<div class='et_slidecontent et-image-slide'><img loading=\"lazy\" decoding=\"async\" src=\"http:\/\/tejo-rupestre.com\/wp-content\/uploads\/et_temp\/sala_arqueologia_7-66560_800x510.jpg\" alt=\"\" width=\"800\" height=\"510\" \/><span class='et-image-overlay'> <\/span><\/div>\n\t\t\t\t<\/div>\n\t\t\t<\/div>\n\t\t<\/div>\n\t\t\n<p>&nbsp;<\/p>\n<h2 align=\"center\"><strong>A paisagem \u2013 Enquadramento geol\u00f3gico e geomorfol\u00f3gico<\/strong><\/h2>\n<p style=\"text-align: justify;\">Nem sempre a paisagem de R\u00f3d\u00e3o foi como hoje a vemos. No in\u00edcio da Era Paleoz\u00f3ica a \u00e1rea era toda coberta pelo complexo de xisto e grauvaques, que constituem o chamado \u201csoco antigo\u201d. Mais tarde, na mesma Era mas j\u00e1 no per\u00edodo Ordov\u00edcico (h\u00e1 cerca de 450 milh\u00f5es de anos), ergueram-se as cristas quartz\u00edticas que constituem a serra. Durante todo este tempo, n\u00e3o existiam rios de caudal regular, os mares chegavam \u00e0 regi\u00e3o e era nessas superf\u00edcies aqu\u00e1ticas que viviam os animas da altura, com destaque para as trilobites.<\/p>\n<p style=\"text-align: justify;\">Este relevo manteve-se sem grandes altera\u00e7\u00f5es at\u00e9 \u00e0 Era Cenoz\u00f3ica, quando, durante o Mioc\u00e9nico e o Plioc\u00e9nico (25 a 2 milh\u00f5es de anos) imensas camadas de areias grosseiras resultantes do desgaste das cadeias montanhosas antigas (as chamadas \u201carcoses das Beiras\u201d) foram espalhadas por a\u00e7\u00e3o torrencial das \u00e1guas, cobrindo por completo a paisagem at\u00e9 ao topo da serra de R\u00f3d\u00e3o.<\/p>\n<p style=\"text-align: justify;\">Finalmente, j\u00e1 na passagem para o per\u00edodo Plistoc\u00e9nico, come\u00e7aram-se a instalar os rios, entre os quais o Tejo e o Ponsul, que acabariam por escavar as arcoses, p\u00f4r de novo \u00e0 vista as cristas quartz\u00edticas e atravess\u00e1-las mesmo nas chamadas \u201cPortas de R\u00f3d\u00e3o\u201d. Formaram-se os terra\u00e7os fluviais e surgiu uma nova personagem na paisagem rodense: o Homem, primeiro ca\u00e7ador e recoletor, depois agricultor e pastor, conforme se regista nos vest\u00edgios que deixou e se conservam nesta sala.<\/p>\n\n\t\t<div class='et-image-slider et_sliderfx_fade et_sliderauto_true et_sliderauto_speed_5000 et_slidertype_images'>\n\t\t\t<div class='et-image-slides'>\n\t\t\t\t<div class='et-tabs-content-wrapper'>\n\t\t\t\t\t\u00a0\n\t\t<div class='et_slidecontent et-image-slide'><img loading=\"lazy\" decoding=\"async\" src=\"http:\/\/tejo-rupestre.com\/wp-content\/uploads\/et_temp\/12-120248_800x510.jpg\" alt=\"\" width=\"800\" height=\"510\" \/><span class='et-image-overlay'> <\/span><\/div>\n\t\t<div class='et_slidecontent et-image-slide'><img loading=\"lazy\" decoding=\"async\" src=\"http:\/\/tejo-rupestre.com\/wp-content\/uploads\/et_temp\/101-60406_800x510.jpg\" alt=\"\" width=\"800\" height=\"510\" \/><span class='et-image-overlay'> <\/span><\/div>\u00a0\n\t\t<div class='et_slidecontent et-image-slide'><img loading=\"lazy\" decoding=\"async\" src=\"http:\/\/tejo-rupestre.com\/wp-content\/uploads\/et_temp\/efgsrg-200235_800x510.jpg\" alt=\"\" width=\"800\" height=\"510\" \/><span class='et-image-overlay'> <\/span><\/div>\n\t\t<div class='et_slidecontent et-image-slide'><img loading=\"lazy\" decoding=\"async\" src=\"http:\/\/tejo-rupestre.com\/wp-content\/uploads\/et_temp\/4yegdfmujgn-208941_800x510.jpg\" alt=\"\" width=\"800\" height=\"510\" \/><span class='et-image-overlay'> <\/span><\/div>\n\t\t<div class='et_slidecontent et-image-slide'><img loading=\"lazy\" decoding=\"async\" src=\"http:\/\/tejo-rupestre.com\/wp-content\/uploads\/et_temp\/41-56625_800x510.jpg\" alt=\"\" width=\"800\" height=\"510\" \/><span class='et-image-overlay'> <\/span><\/div>\n\t\t<div class='et_slidecontent et-image-slide'><img loading=\"lazy\" decoding=\"async\" src=\"http:\/\/tejo-rupestre.com\/wp-content\/uploads\/et_temp\/22-71105_800x510.jpg\" alt=\"\" width=\"800\" height=\"510\" \/><span class='et-image-overlay'> <\/span><\/div>\n\t\t<div class='et_slidecontent et-image-slide'><img loading=\"lazy\" decoding=\"async\" src=\"http:\/\/tejo-rupestre.com\/wp-content\/uploads\/et_temp\/01-77186_800x510.jpg\" alt=\"\" width=\"800\" height=\"510\" \/><span class='et-image-overlay'> <\/span><\/div>\n\t\t\t\t<\/div>\n\t\t\t<\/div>\n\t\t<\/div>\n\t\t\n<p>&nbsp;<\/p>\n<h2 align=\"center\"><strong>Paleol\u00edtico \u2013 No tempo dos ca\u00e7adores-recolectores<\/strong><\/h2>\n<p style=\"text-align: justify;\">As condi\u00e7\u00f5es geol\u00f3gicas da regi\u00e3o de R\u00f3d\u00e3o foram especialmente favor\u00e1veis \u00e0 conserva\u00e7\u00e3o de vest\u00edgios do mais antigo per\u00edodo da hist\u00f3ria humana \u2013 o Paleol\u00edtico. Nesta \u00e9poca, quando se deu a evolu\u00e7\u00e3o desde as origens at\u00e9 ao estado atual (Homem Moderno ou <em>Homo sapiens<\/em>), a humanidade vivia apenas da ca\u00e7a, pesca e recolha de vegetais e as ferramentas eram feitas em pedra lascada, madeira ou osso.<\/p>\n<p style=\"text-align: justify;\">Numa primeira fase \u2013 o Paleol\u00edtico Inferior, desde h\u00e1 500 mil anos at\u00e9 h\u00e1 100 mil anos \u2013 ainda n\u00e3o tinha sido descoberta a t\u00e9cnica de encabamento: o instrumento mais caracter\u00edstico, o biface, era uma pe\u00e7a polivalente, usada na m\u00e3o. Numa segunda fase \u2013 o Paleol\u00edtico M\u00e9dio, entre h\u00e1 100 mil e h\u00e1 30 mil anos \u2013 surgiram as pontas de lan\u00e7a e uma maior variedade de ferramentas. Foi a \u00e9poca do Homem de Neandertal.<\/p>\n<p style=\"text-align: justify;\">Numa terceira e \u00faltima fase \u2013 Paleol\u00edtico Superior, entre h\u00e1 30 mil e h\u00e1 10 mil anos -, j\u00e1 com o Homem Moderno, as ferramentas tornaram-se cada vez mais especializadas, acabando por surgir o arco e a flecha, que no entanto s\u00f3 viria a ser amplamente usado no per\u00edodo seguinte, o Mesol\u00edtico, dominado pelas chamadas sociedades de arqueiros.<\/p>\n\n\t\t<div class='et-image-slider et_sliderfx_fade et_sliderauto_true et_sliderauto_speed_5000 et_slidertype_images'>\n\t\t\t<div class='et-image-slides'>\n\t\t\t\t<div class='et-tabs-content-wrapper'>\n\t\t\t\t\t\u00a0\n\t\t<div class='et_slidecontent et-image-slide'><img loading=\"lazy\" decoding=\"async\" src=\"http:\/\/tejo-rupestre.com\/wp-content\/uploads\/et_temp\/paleo_13-59698_800x510.jpg\" alt=\"\" width=\"800\" height=\"510\" \/><span class='et-image-overlay'> <\/span><\/div>\n\t\t<div class='et_slidecontent et-image-slide'><img loading=\"lazy\" decoding=\"async\" src=\"http:\/\/tejo-rupestre.com\/wp-content\/uploads\/et_temp\/paleo_23-187918_800x510.jpg\" alt=\"\" width=\"800\" height=\"510\" \/><span class='et-image-overlay'> <\/span><\/div>\u00a0\n\t\t<div class='et_slidecontent et-image-slide'><img loading=\"lazy\" decoding=\"async\" src=\"http:\/\/tejo-rupestre.com\/wp-content\/uploads\/et_temp\/paleo_03-63052_800x510.jpg\" alt=\"\" width=\"800\" height=\"510\" \/><span class='et-image-overlay'> <\/span><\/div>\n\t\t<div class='et_slidecontent et-image-slide'><img loading=\"lazy\" decoding=\"async\" src=\"http:\/\/tejo-rupestre.com\/wp-content\/uploads\/et_temp\/paleo_12-44361_800x510.jpg\" alt=\"\" width=\"800\" height=\"510\" \/><span class='et-image-overlay'> <\/span><\/div>\n\t\t<div class='et_slidecontent et-image-slide'><img loading=\"lazy\" decoding=\"async\" src=\"http:\/\/tejo-rupestre.com\/wp-content\/uploads\/et_temp\/paleo_22-137155_800x510.jpg\" alt=\"\" width=\"800\" height=\"510\" \/><span class='et-image-overlay'> <\/span><\/div>\n\t\t<div class='et_slidecontent et-image-slide'><img loading=\"lazy\" decoding=\"async\" src=\"http:\/\/tejo-rupestre.com\/wp-content\/uploads\/et_temp\/paleo_21-156211_800x510.jpg\" alt=\"\" width=\"800\" height=\"510\" \/><span class='et-image-overlay'> <\/span><\/div>\n\t\t<div class='et_slidecontent et-image-slide'><img loading=\"lazy\" decoding=\"async\" src=\"http:\/\/tejo-rupestre.com\/wp-content\/uploads\/et_temp\/paleo_19-91253_800x510.jpg\" alt=\"\" width=\"800\" height=\"510\" \/><span class='et-image-overlay'> <\/span><\/div>\n\t\t\t\t<\/div>\n\t\t\t<\/div>\n\t\t<\/div>\n\t\t\n<p>&nbsp;<\/p>\n<h2 align=\"center\"><strong>A Arte Rupestre do Vale do Tejo<\/strong><\/h2>\n<p style=\"text-align: justify;\">O complexo de Arte Rupestre do Vale do Tejo designa uma not\u00e1vel concentra\u00e7\u00e3o de gravuras rupestres pr\u00e9-hist\u00f3ricas \u2013 figuras zoom\u00f3rficas, antropom\u00f3rficas, astrais e geom\u00e9tricas \u2013 disseminadas por cerca de 1500 rochas das margens do Tejo, ao longo de cerca de 40 km. Os principais n\u00facleos gravados s\u00e3o limitados pelas embocaduras dos afluentes Sever, a montante, e Ocreza, a jusante, alongando-se ainda o complexo, esporadicamente por estes e outros afluentes e mesmo, para montante, no pr\u00f3prio curso internacional do Tejo.<\/p>\n<p style=\"text-align: justify;\">As gravuras est\u00e3o hoje, na sua maioria, submersas pelas \u00e1guas das albufeiras de Fratel e Cedilho, tendo o seu levantamento arqueol\u00f3gico sido realizado entre 1972-78.<\/p>\n<p style=\"text-align: justify;\">A simbologia gravada, refletindo uma forte vertente mitogr\u00e1fica, de onde est\u00e1 ausente o caracter narrativo, mesmo nas maiores composi\u00e7\u00f5es, sempre emblematicamente abstratas, demonstra que o local deve ter sido usado, talvez durante mil\u00e9nios, como um vasto santu\u00e1rio a c\u00e9u aberto, pelos povos pr\u00e9-hist\u00f3ricos da regi\u00e3o. As Portas de R\u00f3d\u00e3o poderiam ter sido para esses povos uma esp\u00e9cie de <em>axis-mundi<\/em> (eixo do mundo), em torno das quais se estruturavam simbolicamente os seus territ\u00f3rios.<\/p>\n<p style=\"text-align: justify;\">Todos os investigadores concordam em inserir este complexo na chamada Pr\u00e9-hist\u00f3ria Recente, mas dividem-se quanto \u00e0 sua exata data\u00e7\u00e3o: para uns, as gravuras desenvolver-se-iam ao longo de um longo ciclo art\u00edstico, com fases sucessivas (de sub-naturalistas a esquem\u00e1ticas), desde a \u00e9poca imediatamente p\u00f3s-glaci\u00e1ria (Epipaleol\u00edtico) at\u00e9 \u00e0 Proto-Hist\u00f3ria (Idade do Bronze); para outros, tratar-se-ia basicamente de um s\u00f3 contexto cultural, relativamente curto e correspondente aos agricultores e pastores neol\u00edticos, construtores dos numerosos monumentos megal\u00edticos que existem em toda a regi\u00e3o envolvente.<\/p>\n\n\t\t<div class='et-image-slider et_sliderfx_fade et_sliderauto_true et_sliderauto_speed_5000 et_slidertype_images'>\n\t\t\t<div class='et-image-slides'>\n\t\t\t\t<div class='et-tabs-content-wrapper'>\n\t\t\t\t\t\u00a0\n\t\t<div class='et_slidecontent et-image-slide'><img loading=\"lazy\" decoding=\"async\" src=\"http:\/\/tejo-rupestre.com\/wp-content\/uploads\/et_temp\/rupestre_01-119814_800x510.jpg\" alt=\"\" width=\"800\" height=\"510\" \/><span class='et-image-overlay'> <\/span><\/div>\n\t\t<div class='et_slidecontent et-image-slide'><img loading=\"lazy\" decoding=\"async\" src=\"http:\/\/tejo-rupestre.com\/wp-content\/uploads\/et_temp\/rupestre_02-116324_800x510.jpg\" alt=\"\" width=\"800\" height=\"510\" \/><span class='et-image-overlay'> <\/span><\/div>\u00a0\n\t\t<div class='et_slidecontent et-image-slide'><img loading=\"lazy\" decoding=\"async\" src=\"http:\/\/tejo-rupestre.com\/wp-content\/uploads\/et_temp\/rupestre03-112571_800x510.jpg\" alt=\"\" width=\"800\" height=\"510\" \/><span class='et-image-overlay'> <\/span><\/div>\n\t\t\t\t<\/div>\n\t\t\t<\/div>\n\t\t<\/div>\n\t\t\n<p>&nbsp;<\/p>\n<h2 align=\"center\"><strong>Neol\u00edtico e Calcol\u00edtico<\/strong><\/h2>\n<p style=\"text-align: justify;\">A introdu\u00e7\u00e3o da agricultura e da cria\u00e7\u00e3o de gado deram origem a um mundo novo. \u00c0 economia de produ\u00e7\u00e3o de alimentos, apoiada em novas tecnologias, entre as quais se salientam a pedra polida e a olaria, associou-se um aumento populacional e uma maior press\u00e3o sobre os recursos naturais. Novas cren\u00e7as e s\u00edmbolos t\u00eam a terra e a sua fertilidade como centro de aten\u00e7\u00e3o.<\/p>\n<p style=\"text-align: justify;\">Em R\u00f3d\u00e3o encontram-se abundantes vest\u00edgios de <em>habitats<\/em> e arquiteturas tumulares atribu\u00edveis a fases finais do Neol\u00edtico e in\u00edcio do Calcol\u00edtico (IV e III mil\u00e9nios a.C.): povoados, como o da Charneca de Fratel, e monumentos megal\u00edticos. Estes \u00faltimos s\u00e3o representados pelas antas, sepulturas em forma de c\u00e2mara fechada, constru\u00eddas com lajes de xisto fincadas no solo. T\u00eam em geral um corredor e est\u00e3o envolvidas por mont\u00edculos artificiais de terra e pedras (mamoas).<\/p>\n<p style=\"text-align: justify;\">No in\u00edcio do Calcol\u00edtico, surgem os primeiros povoados amuralhados (Charneca do Fratel). Tem in\u00edcio a metalurgia do cobre e do ouro, utilizados especialmente nas atividades artesanais e na afirma\u00e7\u00e3o de prest\u00edgio e poder social.<\/p>\n<p style=\"text-align: justify;\">A arte rupestre do Tejo integra-se, em grande parte, neste per\u00edodo da Pr\u00e9-Hist\u00f3ria Recente, ao qual poder\u00e3o tamb\u00e9m pertencer as rochas gravadas com covinhas.<\/p>\n\n\t\t<div class='et-image-slider et_sliderfx_fade et_sliderauto_true et_sliderauto_speed_5000 et_slidertype_images'>\n\t\t\t<div class='et-image-slides'>\n\t\t\t\t<div class='et-tabs-content-wrapper'>\n\t\t\t\t\t\u00a0\n\t\t<div class='et_slidecontent et-image-slide'><img loading=\"lazy\" decoding=\"async\" src=\"http:\/\/tejo-rupestre.com\/wp-content\/uploads\/et_temp\/neo_06-181545_800x510.jpg\" alt=\"\" width=\"800\" height=\"510\" \/><span class='et-image-overlay'> <\/span><\/div>\n\t\t<div class='et_slidecontent et-image-slide'><img loading=\"lazy\" decoding=\"async\" src=\"http:\/\/tejo-rupestre.com\/wp-content\/uploads\/et_temp\/neo_05-253124_800x510.jpg\" alt=\"\" width=\"800\" height=\"510\" \/><span class='et-image-overlay'> <\/span><\/div>\u00a0\n\t\t<div class='et_slidecontent et-image-slide'><img loading=\"lazy\" decoding=\"async\" src=\"http:\/\/tejo-rupestre.com\/wp-content\/uploads\/et_temp\/neo_04-180410_800x510.jpg\" alt=\"\" width=\"800\" height=\"510\" \/><span class='et-image-overlay'> <\/span><\/div>\n\t\t<div class='et_slidecontent et-image-slide'><img loading=\"lazy\" decoding=\"async\" src=\"http:\/\/tejo-rupestre.com\/wp-content\/uploads\/et_temp\/neo_03-216083_800x510.jpg\" alt=\"\" width=\"800\" height=\"510\" \/><span class='et-image-overlay'> <\/span><\/div>\n\t\t<div class='et_slidecontent et-image-slide'><img loading=\"lazy\" decoding=\"async\" src=\"http:\/\/tejo-rupestre.com\/wp-content\/uploads\/et_temp\/neo_02-77182_800x510.jpg\" alt=\"\" width=\"800\" height=\"510\" \/><span class='et-image-overlay'> <\/span><\/div>\n\t\t<div class='et_slidecontent et-image-slide'><img loading=\"lazy\" decoding=\"async\" src=\"http:\/\/tejo-rupestre.com\/wp-content\/uploads\/et_temp\/neo_01-67596_800x510.jpg\" alt=\"\" width=\"800\" height=\"510\" \/><span class='et-image-overlay'> <\/span><\/div>\n\t\t\t\t<\/div>\n\t\t\t<\/div>\n\t\t<\/div>\n\t\t\n<p>&nbsp;<\/p>\n<p>&nbsp;<\/p>\n<h2 align=\"center\"><strong>O FINAL DA PR\u00c9-HIST\u00d3RIA E A PROTO-HIST\u00d3RIA<\/strong><\/h2>\n<p style=\"text-align: justify;\">No concelho de R\u00f3d\u00e3o s\u00e3o escassos os vest\u00edgios atribu\u00edveis ao final da Pr\u00e9-Hist\u00f3ria (Idade do Bronze) e \u00e0 Proto-Hist\u00f3ria (Idade do Ferro), um per\u00edodo de cerca de 2000 anos durante o qual se acentuam as redes de interc\u00e2mbio de longa dist\u00e2ncia e se estabelecem sociedade mais complexas. Podem atribuir-se \u00e0 Idade do Bronze, segundo alguns especialistas, uma boa parte das figuras geom\u00e9tricas gravadas no santu\u00e1rio rupestre situado nas margens do Tejo. Por outro lado, achados isolados, como um machado plano de bronze, de proveni\u00eancia desconhecida (cole\u00e7\u00e3o do Museu Municipal do Fund\u00e3o), ou materiais de superf\u00edcie recolhidos no Castelejo de Gardete s\u00e3o alguns dos vest\u00edgios materiais atribu\u00edveis \u00e0quele per\u00edodo. Em \u00e1reas pr\u00f3ximas (concelhos de Nisa e Castelo Branco) est\u00e3o documentados diferentes tipos de habitats, j\u00e1 do final da Idade do Bronze, que traduzem um modo de vida decerto id\u00eantico ao que teria existido no territ\u00f3rio rodanense. Referimo-nos a povoados de altura, em locais com valor estrat\u00e9gico, como s\u00e3o os casos do Monte de S\u00e3o Martinho (Castelo Branco) e da Serra de S\u00e3o Miguel (Nisa), ou cabanas situadas em espa\u00e7os abertos, de peneplan\u00edcie, como no Monte de S\u00e3o Domingos (Malpica do Tejo).<\/p>\n<p style=\"text-align: justify;\">Atribu\u00edveis \u00e0 Idade do Ferro, conhecem-se em R\u00f3d\u00e3o pequenos recintos amuralhados, situados no topo de cabe\u00e7os envolvidos por apertados meandros fluviais como \u00e9 o caso do Castelejo do Tost\u00e3o. Estas posi\u00e7\u00f5es parece relacionaram-se com a atividade mineira e foram mais tarde romanizadas.<\/p>\n<p style=\"text-align: justify;\">O final da Idade do Ferro (s\u00e9c. II a.C.) est\u00e1 assinalado pela descoberta de artefactos de prest\u00edgio, em prata, como os tr\u00eas colares entran\u00e7ados, abertos, do Casal do Ch\u00e3o das Casas, hoje pertencentes ao Tesouro Nacional (Museu Nacional de Arqueologia).<\/p>\n\n\t\t<div class='et-image-slider et_sliderfx_fade et_sliderauto_true et_sliderauto_speed_5000 et_slidertype_images'>\n\t\t\t<div class='et-image-slides'>\n\t\t\t\t<div class='et-tabs-content-wrapper'>\n\t\t\t\t\t\u00a0\n\t\t<div class='et_slidecontent et-image-slide'><img loading=\"lazy\" decoding=\"async\" src=\"http:\/\/tejo-rupestre.com\/wp-content\/uploads\/et_temp\/proto_01-53136_800x510.jpg\" alt=\"\" width=\"800\" height=\"510\" \/><span class='et-image-overlay'> <\/span><\/div>\n\t\t<div class='et_slidecontent et-image-slide'><img loading=\"lazy\" decoding=\"async\" src=\"http:\/\/tejo-rupestre.com\/wp-content\/uploads\/et_temp\/proto_02-52559_800x510.jpg\" alt=\"\" width=\"800\" height=\"510\" \/><span class='et-image-overlay'> <\/span><\/div>\u00a0\n\t\t<div class='et_slidecontent et-image-slide'><img loading=\"lazy\" decoding=\"async\" src=\"http:\/\/tejo-rupestre.com\/wp-content\/uploads\/et_temp\/proto_03-201755_800x510.jpg\" alt=\"\" width=\"800\" height=\"510\" \/><span class='et-image-overlay'> <\/span><\/div>\n\t\t\t\t<\/div>\n\t\t\t<\/div>\n\t\t<\/div>\n\t\t\n<p>&nbsp;<\/p>\n<h2 align=\"center\"><strong>\u00c9POCA ROMANA<\/strong><\/h2>\n<p style=\"text-align: justify;\">O Dom\u00ednio Romano em Portugal deixou marcas indel\u00e9veis na paisagem e no ordenamento territorial.<\/p>\n<p style=\"text-align: justify;\">Em R\u00f3d\u00e3o s\u00e3o abundantes e diversificados os vest\u00edgios deste grande impacte cultural. Merecem destaque diversos habitats (casais, granjas e vilas) relacionados, em grande parte, com a explora\u00e7\u00e3o agr\u00edcola dos melhores solos do concelho, os aluvi\u00f5es das ribeiras do A\u00e7afal, do Lucriz e do Ribeir\u00e3o. Naqueles vales identificaram-se duas barragens de aterro (Lameira e Casas da Ribeira). Uma tigela em <em>terra sigillata<\/em> (Outeiro, Fratel) e uma inscri\u00e7\u00e3o funer\u00e1ria (Cadaveira, Perais) s\u00e3o dois dos raros vest\u00edgios de sepulturas daquela \u00e9poca.<\/p>\n<p style=\"text-align: justify;\">Na regi\u00e3o rodanense foi explorado cobre em galeria e ouro de aluvi\u00e3o no decurso da romaniza\u00e7\u00e3o. Os res\u00edduos desta atividade, as conheiras ou conhais, amontoados de calhaus rolados de quartzito, s\u00e3o abundantes no concelho de R\u00f3d\u00e3o.<\/p>\n<p style=\"text-align: justify;\">A import\u00e2ncia estrat\u00e9gica de R\u00f3d\u00e3o \u00e9 ilustrada pelos achados efetuados junto ao Tejo (na Foz do Enxarrique) e na zona do Tost\u00e3o. Estes achados permitem vislumbrar o estacionamento de militares romanos durante a conquista do territ\u00f3rio e a consolida\u00e7\u00e3o do poder da Rep\u00fablica, nos dois \u00faltimos s\u00e9culos antes de Cristo.<\/p>\n\n\t\t<div class='et-image-slider et_sliderfx_fade et_sliderauto_true et_sliderauto_speed_5000 et_slidertype_images'>\n\t\t\t<div class='et-image-slides'>\n\t\t\t\t<div class='et-tabs-content-wrapper'>\n\t\t\t\t\t\u00a0\n\t\t<div class='et_slidecontent et-image-slide'><img loading=\"lazy\" decoding=\"async\" src=\"http:\/\/tejo-rupestre.com\/wp-content\/uploads\/et_temp\/romana_01-48482_800x510.jpg\" alt=\"\" width=\"800\" height=\"510\" \/><span class='et-image-overlay'> <\/span><\/div>\n\t\t<div class='et_slidecontent et-image-slide'><img loading=\"lazy\" decoding=\"async\" src=\"http:\/\/tejo-rupestre.com\/wp-content\/uploads\/et_temp\/romana_02-55053_800x510.jpg\" alt=\"\" width=\"800\" height=\"510\" \/><span class='et-image-overlay'> <\/span><\/div>\u00a0\n\t\t<div class='et_slidecontent et-image-slide'><img loading=\"lazy\" decoding=\"async\" src=\"http:\/\/tejo-rupestre.com\/wp-content\/uploads\/et_temp\/romana_03-58072_800x510.jpg\" alt=\"\" width=\"800\" height=\"510\" \/><span class='et-image-overlay'> <\/span><\/div>\n\t\t<div class='et_slidecontent et-image-slide'><img loading=\"lazy\" decoding=\"async\" src=\"http:\/\/tejo-rupestre.com\/wp-content\/uploads\/et_temp\/romana_04-243275_800x510.jpg\" alt=\"\" width=\"800\" height=\"510\" \/><span class='et-image-overlay'> <\/span><\/div>\n\t\t<div class='et_slidecontent et-image-slide'><img loading=\"lazy\" decoding=\"async\" src=\"http:\/\/tejo-rupestre.com\/wp-content\/uploads\/et_temp\/romana_05-194824_800x510.jpg\" alt=\"\" width=\"800\" height=\"510\" \/><span class='et-image-overlay'> <\/span><\/div>\n\t\t<div class='et_slidecontent et-image-slide'><img loading=\"lazy\" decoding=\"async\" src=\"http:\/\/tejo-rupestre.com\/wp-content\/uploads\/et_temp\/romana_06-241803_800x510.jpg\" alt=\"\" width=\"800\" height=\"510\" \/><span class='et-image-overlay'> <\/span><\/div>\n\t\t\t\t<\/div>\n\t\t\t<\/div>\n\t\t<\/div>\n\t\t\n<div><\/div>\n<div><\/div>\n<h2 align=\"center\"><strong>\u00c9POCA PORTUGUESA<\/strong><\/h2>\n<h2 align=\"center\"><strong><em>Da Idade M\u00e9dia aos Tempos Contempor\u00e2neos<\/em><\/strong><\/h2>\n<p style=\"text-align: justify;\">Do fim do dom\u00ednio romano at\u00e9 \u00e0 constitui\u00e7\u00e3o do reino de Portugal n\u00e3o se conhecem vest\u00edgios expressivos na \u00e1rea de R\u00f3d\u00e3o. No entanto, existem lendas, como a do rei Vamba, visigodo, materiais e top\u00f3nimos (Alcaria, Alfr\u00edvida, Enxarrique) indicadores de suposta presen\u00e7a isl\u00e2mica.<\/p>\n<p style=\"text-align: justify;\">No decurso da Reconquista Crist\u00e3 (s\u00e9c. XII), d\u00e1-se a entrega das terras rodanenses \u00e0 Ordem do Templo e a sua integra\u00e7\u00e3o numa vasta propriedade, a A\u00e7afa. O monumento emblem\u00e1tico desse per\u00edodo \u00e9 o castelo das Portas de R\u00f3d\u00e3o, uma torre de vigia com uma muralha envolvente.<\/p>\n<p style=\"text-align: justify;\">A\u00e7udes, levadas, moinhos de rod\u00edzio, lagares de azeite, muros de suporte de oliveiras ou simplesmente de divis\u00e3o de propriedade, a par da arquitetura civil, constituem os elementos materiais mais expressivos da crescente humaniza\u00e7\u00e3o da paisagem rodanense.<\/p>\n<p style=\"text-align: justify;\">O cobre, de que chegou a haver explora\u00e7\u00e3o industrial no s\u00edtio do Cobre, no Tost\u00e3o, e o ouro, nos aluvi\u00f5es do Tejo e principais afluentes, foram explorados at\u00e9 ao s\u00e9c. XX.<\/p>\n<p style=\"text-align: justify;\">R\u00f3d\u00e3o encontra-se num ponto de encontro de antigas vias. Dispunha de porto fluvial, j\u00e1 no s\u00e9c. XVII. As antigas vias romanas e os caminhos da transum\u00e2ncia deram lugar \u00e0s modernas rodovias de orienta\u00e7\u00e3o Norte-Sul. Ao longo do Tejo, os antigos caminhos (muros) de sirga deram lugar \u00e0 ferrovia.<\/p>\n<p style=\"text-align: justify;\">Do s\u00e9c. XVII ao s\u00e9c. XIX a inseguran\u00e7a volta a estas terras com a restaura\u00e7\u00e3o da independ\u00eancia, a Guerra dos Sete Anos e as Invas\u00f5es Francesas. Constroem-se torres de vigia ao longo do Tejo, o castelo medieval \u00e9 refor\u00e7ado e instalam-se bases de artilharia para impedir a passagem das tropas invasoras junto \u00e0s Portas de R\u00f3d\u00e3o.<\/p>\n\n\t\t<div class='et-image-slider et_sliderfx_fade et_sliderauto_true et_sliderauto_speed_5000 et_slidertype_images'>\n\t\t\t<div class='et-image-slides'>\n\t\t\t\t<div class='et-tabs-content-wrapper'>\n\t\t\t\t\t\u00a0\n\t\t<div class='et_slidecontent et-image-slide'><img loading=\"lazy\" decoding=\"async\" src=\"http:\/\/tejo-rupestre.com\/wp-content\/uploads\/et_temp\/port_01-76033_800x510.jpg\" alt=\"\" width=\"800\" height=\"510\" \/><span class='et-image-overlay'> <\/span><\/div>\n\t\t<div class='et_slidecontent et-image-slide'><img loading=\"lazy\" decoding=\"async\" src=\"http:\/\/tejo-rupestre.com\/wp-content\/uploads\/et_temp\/port_02-65010_800x510.jpg\" alt=\"\" width=\"800\" height=\"510\" \/><span class='et-image-overlay'> <\/span><\/div>\u00a0\n\t\t<div class='et_slidecontent et-image-slide'><img loading=\"lazy\" decoding=\"async\" src=\"http:\/\/tejo-rupestre.com\/wp-content\/uploads\/et_temp\/port_03-194072_800x510.jpg\" alt=\"\" width=\"800\" height=\"510\" \/><span class='et-image-overlay'> <\/span><\/div>\n\t\t<div class='et_slidecontent et-image-slide'><img loading=\"lazy\" decoding=\"async\" src=\"http:\/\/tejo-rupestre.com\/wp-content\/uploads\/et_temp\/port_04-91896_800x510.jpg\" alt=\"\" width=\"800\" height=\"510\" \/><span class='et-image-overlay'> <\/span><\/div>\n\t\t\t\t<\/div>\n\t\t\t<\/div>\n\t\t<\/div>\n\t\t\n<p>&nbsp;<\/p>\n<p style=\"text-align: right;\">\n","protected":false},"excerpt":{"rendered":"<p>ARQUEOLOGIA DE R\u00d3D\u00c3O [EXPOSI\u00c7\u00c3O PERMANENTE] O Tejo, os terra\u00e7os fluviais que o marginam, as charnecas detr\u00edticas, tudo isto assente sobre um soco antigo em xistos e grauvaques, cortados por imponente crista quartz\u00edtica que forma as chamadas \u201cPortas de R\u00f3d\u00e3o\u201d \u2013 eis aqui a singularidade que fez da regi\u00e3o de R\u00f3d\u00e3o um territ\u00f3rio de elei\u00e7\u00e3o, habitado [&hellip;]<\/p>\n","protected":false},"author":3,"featured_media":0,"parent":37,"menu_order":0,"comment_status":"closed","ping_status":"open","template":"page-full.php","meta":{"_et_pb_use_builder":"","_et_pb_old_content":"","_et_gb_content_width":"","footnotes":""},"class_list":["post-156","page","type-page","status-publish","hentry"],"_links":{"self":[{"href":"http:\/\/tejo-rupestre.com\/index.php?rest_route=\/wp\/v2\/pages\/156","targetHints":{"allow":["GET"]}}],"collection":[{"href":"http:\/\/tejo-rupestre.com\/index.php?rest_route=\/wp\/v2\/pages"}],"about":[{"href":"http:\/\/tejo-rupestre.com\/index.php?rest_route=\/wp\/v2\/types\/page"}],"author":[{"embeddable":true,"href":"http:\/\/tejo-rupestre.com\/index.php?rest_route=\/wp\/v2\/users\/3"}],"replies":[{"embeddable":true,"href":"http:\/\/tejo-rupestre.com\/index.php?rest_route=%2Fwp%2Fv2%2Fcomments&post=156"}],"version-history":[{"count":69,"href":"http:\/\/tejo-rupestre.com\/index.php?rest_route=\/wp\/v2\/pages\/156\/revisions"}],"predecessor-version":[{"id":851,"href":"http:\/\/tejo-rupestre.com\/index.php?rest_route=\/wp\/v2\/pages\/156\/revisions\/851"}],"up":[{"embeddable":true,"href":"http:\/\/tejo-rupestre.com\/index.php?rest_route=\/wp\/v2\/pages\/37"}],"wp:attachment":[{"href":"http:\/\/tejo-rupestre.com\/index.php?rest_route=%2Fwp%2Fv2%2Fmedia&parent=156"}],"curies":[{"name":"wp","href":"https:\/\/api.w.org\/{rel}","templated":true}]}}